{"id":2720,"date":"2023-03-06T10:55:05","date_gmt":"2023-03-06T09:55:05","guid":{"rendered":"https:\/\/www.alide-interpretes.com\/privacy-policy\/"},"modified":"2023-05-03T09:53:22","modified_gmt":"2023-05-03T07:53:22","slug":"privacy-policy","status":"publish","type":"page","link":"https:\/\/www.alide-interpretes.com\/en\/privacy-policy\/","title":{"rendered":"Privacy Policy"},"content":{"rendered":"\t\t<div data-elementor-type=\"wp-page\" data-elementor-id=\"2720\" class=\"elementor elementor-2720 elementor-3\" data-elementor-post-type=\"page\">\n\t\t\t\t\t\t<section class=\"elementor-section elementor-top-section elementor-element elementor-element-0a88cae elementor-section-height-min-height elementor-section-boxed elementor-section-height-default elementor-section-items-middle\" data-id=\"0a88cae\" data-element_type=\"section\" data-e-type=\"section\" data-settings=\"{&quot;background_background&quot;:&quot;classic&quot;}\">\n\t\t\t\t\t\t<div class=\"elementor-container elementor-column-gap-default\">\n\t\t\t\t\t<div class=\"elementor-column elementor-col-50 elementor-top-column elementor-element elementor-element-36e9988\" data-id=\"36e9988\" data-element_type=\"column\" data-e-type=\"column\">\n\t\t\t<div class=\"elementor-widget-wrap elementor-element-populated\">\n\t\t\t\t\t\t<div class=\"elementor-element elementor-element-e7f97db elementor-widget elementor-widget-heading\" data-id=\"e7f97db\" data-element_type=\"widget\" data-e-type=\"widget\" data-widget_type=\"heading.default\">\n\t\t\t\t<div class=\"elementor-widget-container\">\n\t\t\t\t\t<h1 class=\"elementor-heading-title elementor-size-default\">Pol\u00edtica de Privacidad<\/h1>\t\t\t\t<\/div>\n\t\t\t\t<\/div>\n\t\t\t\t\t<\/div>\n\t\t<\/div>\n\t\t\t\t<div class=\"elementor-column elementor-col-50 elementor-top-column elementor-element elementor-element-8677eaa\" data-id=\"8677eaa\" data-element_type=\"column\" data-e-type=\"column\">\n\t\t\t<div class=\"elementor-widget-wrap\">\n\t\t\t\t\t\t\t<\/div>\n\t\t<\/div>\n\t\t\t\t\t<\/div>\n\t\t<\/section>\n\t\t\t\t<section class=\"elementor-section elementor-top-section elementor-element elementor-element-8254216 elementor-section-boxed elementor-section-height-default elementor-section-height-default\" data-id=\"8254216\" data-element_type=\"section\" data-e-type=\"section\" data-settings=\"{&quot;background_background&quot;:&quot;classic&quot;}\">\n\t\t\t\t\t\t<div class=\"elementor-container elementor-column-gap-default\">\n\t\t\t\t\t<div class=\"elementor-column elementor-col-100 elementor-top-column elementor-element elementor-element-31f71f3\" data-id=\"31f71f3\" data-element_type=\"column\" data-e-type=\"column\">\n\t\t\t<div class=\"elementor-widget-wrap elementor-element-populated\">\n\t\t\t\t\t\t<div class=\"elementor-element elementor-element-1b99a13 elementor-widget elementor-widget-text-editor\" data-id=\"1b99a13\" data-element_type=\"widget\" data-e-type=\"widget\" data-widget_type=\"text-editor.default\">\n\t\t\t\t<div class=\"elementor-widget-container\">\n\t\t\t\t\t\t\t\t\t<p><strong>\u00bfQUI\u00c9N ES EL RESPONSABLE DEL TRATAMIENTO DE SUS DATOS?<\/strong> <\/p>\n<p>El responsable de sus datos es: <\/p>\n<p>Titular: <strong>DELIA SAAVEDRA BOSQUE 000464081V SLNE<\/strong>, en adelante <strong>El Titular<\/strong> <\/p>\n<p>CIF: B73283558<\/p>\n<p>Domicilio: C\/ GONZALEZ ADALID, 11 &#8211; 30001 &#8211; MURCIA<\/p>\n<p>Inscrita en el Registro Mercantil: Registro Mercantil de Murcia, Tomo 2055, Folio 12, Hoja MU-5<\/p>\n<p>Tel\u00e9fono: +34 968 222 040<\/p>\n<p>M\u00f3vil: 666 839 333<\/p>\n<p>Correo Electr\u00f3nico: info@alide-interpretes.com<\/p>\n<p>Website: https:\/\/www.alide-interpretes.com\/<\/p>\n<p><strong>\u00bfQU\u00c9 TIPO DE DATOS TRATAMOS?<\/strong> <\/p>\n<p>Dependiendo de los productos, servicios o funcionalidades de los que quiera disfrutar en cada momento necesitaremos tratar unos datos u otros. En general dichos datos, ser\u00e1n, seg\u00fan el caso, los siguientes:<\/p>\n<ul>\n<li>Sus datos identificativos (Por ejemplo: Su nombre, apellido, idioma, pa\u00eds desde el que interact\u00faas con nosotros, datos de contacto, etc.)<\/li>\n<li>Datos de conexi\u00f3n, geolocalizaci\u00f3n y navegaci\u00f3n (en caso de que interact\u00faes con nosotros desde el m\u00f3vil, por ejemplo).<\/li>\n<li>Informaci\u00f3n comercial si estuviera suscrito a nuestra newsletter.<\/li>\n<li>Datos sobre sus gustos y preferencias.<\/li>\n<\/ul>\n<p>Recuerde que, cuando le pidamos que rellene sus datos personales para darle acceso a alguna funcionalidad o servicio de la web, marcaremos algunos campos como obligatorios, puesto que son datos que necesitamos para poder prestarle el servicio o darle acceso a la funcionalidad en cuesti\u00f3n. Por favor, tenga en cuenta que, si decide no facilitarnos esos datos, es posible que no pueda completar su registro como usuario o que no pueda disfrutar de esos servicios o funcionalidades. <\/p>\n<p><strong>\u00bfCON QU\u00c9 FINALIDAD TRATAMOS SUS DATOS PERSONALES?<\/strong> <\/p>\n<p>Dependiendo de c\u00f3mo interact\u00fae con nuestra web, trataremos sus datos personales para las siguientes finalidades:<\/p>\n<ol>\n<li>Para atender las <strong>solicitudes o peticiones que realice<\/strong> a trav\u00e9s de los distintos medios incorporados a nuestra web. S\u00f3lo tratamos los datos personales que sean estrictamente necesarios para gestionar o resolver su solicitud o petici\u00f3n.<\/li>\n<li>Para fines de <strong>marketing<\/strong>. En la medida en que se suscriba a nuestra Newsletter, sus datos personales ser\u00e1n utilizados para la remisi\u00f3n peri\u00f3dica de boletines informativos de la empresa. Debe recordar que puede darse de baja de la Newsletter en cualquier momento y sin coste alguno comunic\u00e1ndolo a El Titular en el e-mail <strong>info@alide-interpretes.com<\/strong> o utilizando el enlace de anulaci\u00f3n de suscripci\u00f3n presente en las newsletters recibidas.<\/li>\n<li>Para la <strong>gesti\u00f3n de redes sociales<\/strong>. En el caso de que nos siga o nos contacte a trav\u00e9s de las diferentes redes sociales en las que estamos presentes, trataremos los datos que usted nos proporcione a trav\u00e9s de las mismas. con la \u00fanica finalidad de dar respuesta a sus mensajes o comentarios y la gesti\u00f3n de nuestra lista de contactos.<\/li>\n<li><strong>An\u00e1lisis de usabilidad y de calidad<\/strong> para la mejora de nuestros servicios (Cookies) Le informamos de que trataremos sus datos de navegaci\u00f3n para fines anal\u00edticos y estad\u00edsticos, es decir, para entender la forma en la que los usuarios interact\u00faan con nuestra Plataforma y as\u00ed ser capaces de introducir mejoras en la misma. As\u00ed mismo, en ocasiones, realizamos acciones y encuestas de calidad destinadas a conocer el grado de satisfacci\u00f3n de nuestros clientes y usuarios y detectar aquellas \u00e1reas en las que podemos mejorar.<\/li>\n<\/ol>\n<p><strong>\u00bfCU\u00c1L ES LA LEGITIMACI\u00d3N PARA EL TRATAMIENTO DE SUS DATOS?<\/strong> <\/p>\n<p>La base legal que nos permite tratar sus datos personales tambi\u00e9n depende de la finalidad para la que los tratemos, de este modo encontraremos distintas bases legales en virtud de las siguientes finalidades:<\/p>\n<ol>\n<li><strong>Atenci\u00f3n<\/strong> a las <strong>solicitudes de informaci\u00f3n<\/strong>. La base legal para el tratamiento de sus datos es el consentimiento informado para dar respuesta a las consultas planteadas a trav\u00e9s de la p\u00e1gina web, lo que supone la aceptaci\u00f3n de estas condiciones por parte del interesado.<\/li>\n<li><strong>Marketing<\/strong>. La base leg\u00edtima para tratar sus datos con finalidades de marketing es el consentimiento que usted presta.<\/li>\n<li><strong>Redes sociales<\/strong> La base de legitimaci\u00f3n es el consentimiento informado para dar respuesta a las consultas planteadas a trav\u00e9s de la red social, as\u00ed como el momento en el que nos sigue y desea forma parte de nuestra lista de contactos.<\/li>\n<li><strong>An\u00e1lisis<\/strong> de usabilidad y de calidad (Cookies). Consentimiento del usuario para la implantaci\u00f3n de cookies.<\/li>\n<\/ol>\n<p><strong>\u00bfDURANTE CU\u00c1NTO TIEMPO CONSERVAREMOS SUS DATOS?<\/strong><\/p>\n<ol>\n<li>Solicitud de informaci\u00f3n. Trataremos sus datos durante el tiempo que sea necesario para atender su solicitud o petici\u00f3n y posteriormente los eliminaremos.<\/li>\n<li>Marketing Trataremos sus datos hasta que solicite la baja o cancele su suscripci\u00f3n a la newsletter.<\/li>\n<li>Redes sociales Trataremos sus datos durante el tiempo que sea necesario para atender su solicitud o petici\u00f3n y mientras sea seguidor de nuestro perfil.<\/li>\n<li>An\u00e1lisis de usabilidad y de calidad (Cookies) Trataremos la informaci\u00f3n los plazos de caducidad establecidos en la Tabla de Cookies.<\/li>\n<\/ol>\n<p><strong>\u00bfCOMPARTIREMOS SUS DATOS CON TERCEROS?<\/strong> <\/p>\n<p>Para cumplir las finalidades indicadas en la presente Pol\u00edtica de Privacidad, es necesario que demos acceso a sus datos personales a terceras partes que nos presten apoyo en los servicios que le ofrecemos y que detallamos a continuaci\u00f3n:<\/p>\n<ul>\n<li>Proveedores de servicios tecnol\u00f3gicos<\/li>\n<\/ul>\n<p><strong>\u00bfCU\u00c1LES SON TUS DERECHOS CUANDO NOS FACILITA TUS DATOS?<\/strong> <\/p>\n<p>Nos comprometemos a respetar la confidencialidad de sus datos personales y a garantizarle el ejercicio de sus derechos. Podr\u00e1 ejercitarlos sin coste alguno remiti\u00e9ndonos un correo electr\u00f3nico a nuestra direcci\u00f3n <strong>info@alide-interpretes.com<\/strong>, simplemente indic\u00e1ndonos el motivo de su solicitud y el derecho que quiere ejercitar. En caso de que lo consideremos necesario para poder identificarle, podremos solicitarle copia de un documento acreditativo de su identidad. En particular, independientemente de la finalidad o la base legal en virtud de la que tratemos sus datos, usted tiene derecho a:<\/p>\n<ul>\n<li>Pedirnos acceso a los datos suyos de los que disponemos.<\/li>\n<li>Pedirnos que rectifiquemos los datos de los que ya disponemos. Tenga en cuenta que, al facilitarnos activamente sus datos personales por cualquier v\u00eda, garantiza que son ciertos y exactos y se comprometes a notificarnos cualquier cambio o modificaci\u00f3n de los mismos.<\/li>\n<li>Pedirnos que suprimamos sus datos en la medida en que ya no sean necesarios para la finalidad para los que necesitemos tratarlos seg\u00fan te hemos informado con anterioridad, o en que ya no contemos con legitimaci\u00f3n para hacerlo.<\/li>\n<li>Pedirnos que limitemos el tratamiento de sus datos, lo que supone que en determinados casos pueda solicitarnos que suspendamos temporalmente el tratamiento de los datos o que los conservemos m\u00e1s all\u00e1 del tiempo necesario cuando puedas necesitarlo. Si nos ha proporcionado su consentimiento para el tratamiento de sus datos para cualquier finalidad, tambi\u00e9n tiene derecho a retirarlo en cualquier momento.<\/li>\n<\/ul>\n<p>Por otra parte, cuando el tratamiento de sus datos est\u00e9 basado en nuestro inter\u00e9s leg\u00edtimo, tambi\u00e9n tendr\u00e1s derecho a oponerte al tratamiento de sus datos. Por \u00faltimo, le informamos de su derecho a presentar una reclamaci\u00f3n ante la autoridad de control en materia de protecci\u00f3n de datos pertinente, en particular, ante la Agencia Espa\u00f1ola de Protecci\u00f3n de Datos: <a href=\"https:\/\/www.aepd.es\/es\" target=\"_blank\" rel=\"noopener\">https:\/\/www.aepd.es\/es<\/a> <\/p>\n<p><strong>CAMBIOS A LA POL\u00cdTICA DE PRIVACIDAD<\/strong> <\/p>\n<p>Es posible que modifiquemos la informaci\u00f3n contenida en esta Pol\u00edtica de Privacidad cuando lo estimemos conveniente. En caso de que lo hagamos, se lo notificaremos por distintas v\u00edas a trav\u00e9s de la Plataforma, o incluso se lo comunicaremos a tu direcci\u00f3n de correo electr\u00f3nico cuando el cambio en cuesti\u00f3n sea significativo para con su privacidad, de manera que pueda revisar los cambios, valorarlos y, en su caso, oponerse o darse de baja en alg\u00fan servicio o funcionalidad.<\/p>\n\t\t\t\t\t\t\t\t<\/div>\n\t\t\t\t<\/div>\n\t\t\t\t\t<\/div>\n\t\t<\/div>\n\t\t\t\t\t<\/div>\n\t\t<\/section>\n\t\t\t\t<\/div>\n\t\t","protected":false},"excerpt":{"rendered":"<p>Pol\u00edtica de Privacidad \u00bfQUI\u00c9N ES EL RESPONSABLE DEL TRATAMIENTO DE SUS DATOS? El responsable de sus datos es: Titular: DELIA [&hellip;]<\/p>\n","protected":false},"author":1,"featured_media":0,"parent":0,"menu_order":92,"comment_status":"closed","ping_status":"closed","template":"","meta":{"inline_featured_image":false,"site-sidebar-layout":"no-sidebar","site-content-layout":"page-builder","ast-site-content-layout":"default","site-content-style":"default","site-sidebar-style":"default","ast-global-header-display":"","ast-banner-title-visibility":"","ast-main-header-display":"","ast-hfb-above-header-display":"","ast-hfb-below-header-display":"","ast-hfb-mobile-header-display":"","site-post-title":"disabled","ast-breadcrumbs-content":"","ast-featured-img":"","footer-sml-layout":"","ast-disable-related-posts":"","theme-transparent-header-meta":"","adv-header-id-meta":"","stick-header-meta":"","header-above-stick-meta":"","header-main-stick-meta":"","header-below-stick-meta":"","astra-migrate-meta-layouts":"default","ast-page-background-enabled":"default","ast-page-background-meta":{"desktop":{"background-color":"","background-image":"","background-repeat":"repeat","background-position":"center center","background-size":"auto","background-attachment":"scroll","background-type":"","background-media":"","overlay-type":"","overlay-color":"","overlay-opacity":"","overlay-gradient":""},"tablet":{"background-color":"","background-image":"","background-repeat":"repeat","background-position":"center center","background-size":"auto","background-attachment":"scroll","background-type":"","background-media":"","overlay-type":"","overlay-color":"","overlay-opacity":"","overlay-gradient":""},"mobile":{"background-color":"","background-image":"","background-repeat":"repeat","background-position":"center center","background-size":"auto","background-attachment":"scroll","background-type":"","background-media":"","overlay-type":"","overlay-color":"","overlay-opacity":"","overlay-gradient":""}},"ast-content-background-meta":{"desktop":{"background-color":"var(--ast-global-color-5)","background-image":"","background-repeat":"repeat","background-position":"center center","background-size":"auto","background-attachment":"scroll","background-type":"","background-media":"","overlay-type":"","overlay-color":"","overlay-opacity":"","overlay-gradient":""},"tablet":{"background-color":"var(--ast-global-color-5)","background-image":"","background-repeat":"repeat","background-position":"center center","background-size":"auto","background-attachment":"scroll","background-type":"","background-media":"","overlay-type":"","overlay-color":"","overlay-opacity":"","overlay-gradient":""},"mobile":{"background-color":"var(--ast-global-color-5)","background-image":"","background-repeat":"repeat","background-position":"center center","background-size":"auto","background-attachment":"scroll","background-type":"","background-media":"","overlay-type":"","overlay-color":"","overlay-opacity":"","overlay-gradient":""}},"_joinchat":[],"footnotes":""},"class_list":["post-2720","page","type-page","status-publish","hentry"],"yoast_head":"<!-- This site is optimized with the Yoast SEO plugin v27.3 - https:\/\/yoast.com\/product\/yoast-seo-wordpress\/ -->\n<title>Privacy Policy - Alide Int\u00e9rpretes<\/title>\n<meta name=\"robots\" content=\"index, follow, max-snippet:-1, max-image-preview:large, max-video-preview:-1\" \/>\n<link rel=\"canonical\" href=\"https:\/\/www.alide-interpretes.com\/en\/privacy-policy\/\" \/>\n<meta property=\"og:locale\" content=\"en_US\" \/>\n<meta property=\"og:type\" content=\"article\" \/>\n<meta property=\"og:title\" content=\"Privacy Policy - Alide Int\u00e9rpretes\" \/>\n<meta property=\"og:description\" content=\"Pol\u00edtica de Privacidad \u00bfQUI\u00c9N ES EL RESPONSABLE DEL TRATAMIENTO DE SUS DATOS? El responsable de sus datos es: Titular: DELIA [&hellip;]\" \/>\n<meta property=\"og:url\" content=\"https:\/\/www.alide-interpretes.com\/en\/privacy-policy\/\" \/>\n<meta property=\"og:site_name\" content=\"Alide Int\u00e9rpretes\" \/>\n<meta property=\"article:modified_time\" content=\"2023-05-03T07:53:22+00:00\" \/>\n<meta name=\"twitter:card\" content=\"summary_large_image\" \/>\n<meta name=\"twitter:label1\" content=\"Est. reading time\" \/>\n\t<meta name=\"twitter:data1\" content=\"6 minutes\" \/>\n<script type=\"application\/ld+json\" class=\"yoast-schema-graph\">{\"@context\":\"https:\\\/\\\/schema.org\",\"@graph\":[{\"@type\":\"WebPage\",\"@id\":\"https:\\\/\\\/www.alide-interpretes.com\\\/en\\\/privacy-policy\\\/\",\"url\":\"https:\\\/\\\/www.alide-interpretes.com\\\/en\\\/privacy-policy\\\/\",\"name\":\"Privacy Policy - Alide Int\u00e9rpretes\",\"isPartOf\":{\"@id\":\"https:\\\/\\\/www.alide-interpretes.com\\\/en\\\/#website\"},\"datePublished\":\"2023-03-06T09:55:05+00:00\",\"dateModified\":\"2023-05-03T07:53:22+00:00\",\"breadcrumb\":{\"@id\":\"https:\\\/\\\/www.alide-interpretes.com\\\/en\\\/privacy-policy\\\/#breadcrumb\"},\"inLanguage\":\"en-US\",\"potentialAction\":[{\"@type\":\"ReadAction\",\"target\":[\"https:\\\/\\\/www.alide-interpretes.com\\\/en\\\/privacy-policy\\\/\"]}]},{\"@type\":\"BreadcrumbList\",\"@id\":\"https:\\\/\\\/www.alide-interpretes.com\\\/en\\\/privacy-policy\\\/#breadcrumb\",\"itemListElement\":[{\"@type\":\"ListItem\",\"position\":1,\"name\":\"Portada\",\"item\":\"https:\\\/\\\/www.alide-interpretes.com\\\/en\\\/home\\\/\"},{\"@type\":\"ListItem\",\"position\":2,\"name\":\"Privacy Policy\"}]},{\"@type\":\"WebSite\",\"@id\":\"https:\\\/\\\/www.alide-interpretes.com\\\/en\\\/#website\",\"url\":\"https:\\\/\\\/www.alide-interpretes.com\\\/en\\\/\",\"name\":\"Alide Int\u00e9rpretes\",\"description\":\"Traducci\u00f3n jurada e interpretaci\u00f3n\",\"publisher\":{\"@id\":\"https:\\\/\\\/www.alide-interpretes.com\\\/en\\\/#organization\"},\"alternateName\":\"Alide\",\"potentialAction\":[{\"@type\":\"SearchAction\",\"target\":{\"@type\":\"EntryPoint\",\"urlTemplate\":\"https:\\\/\\\/www.alide-interpretes.com\\\/en\\\/?s={search_term_string}\"},\"query-input\":{\"@type\":\"PropertyValueSpecification\",\"valueRequired\":true,\"valueName\":\"search_term_string\"}}],\"inLanguage\":\"en-US\"},{\"@type\":\"Organization\",\"@id\":\"https:\\\/\\\/www.alide-interpretes.com\\\/en\\\/#organization\",\"name\":\"Alide Int\u00e9rpretes\",\"alternateName\":\"Alide\",\"url\":\"https:\\\/\\\/www.alide-interpretes.com\\\/en\\\/\",\"logo\":{\"@type\":\"ImageObject\",\"inLanguage\":\"en-US\",\"@id\":\"https:\\\/\\\/www.alide-interpretes.com\\\/en\\\/#\\\/schema\\\/logo\\\/image\\\/\",\"url\":\"https:\\\/\\\/www.alide-interpretes.com\\\/wp-content\\\/uploads\\\/2023\\\/04\\\/alide-logo-v2.svg\",\"contentUrl\":\"https:\\\/\\\/www.alide-interpretes.com\\\/wp-content\\\/uploads\\\/2023\\\/04\\\/alide-logo-v2.svg\",\"width\":403,\"height\":97,\"caption\":\"Alide Int\u00e9rpretes\"},\"image\":{\"@id\":\"https:\\\/\\\/www.alide-interpretes.com\\\/en\\\/#\\\/schema\\\/logo\\\/image\\\/\"}}]}<\/script>\n<!-- \/ Yoast SEO plugin. -->","yoast_head_json":{"title":"Privacy Policy - Alide Int\u00e9rpretes","robots":{"index":"index","follow":"follow","max-snippet":"max-snippet:-1","max-image-preview":"max-image-preview:large","max-video-preview":"max-video-preview:-1"},"canonical":"https:\/\/www.alide-interpretes.com\/en\/privacy-policy\/","og_locale":"en_US","og_type":"article","og_title":"Privacy Policy - Alide Int\u00e9rpretes","og_description":"Pol\u00edtica de Privacidad \u00bfQUI\u00c9N ES EL RESPONSABLE DEL TRATAMIENTO DE SUS DATOS? El responsable de sus datos es: Titular: DELIA [&hellip;]","og_url":"https:\/\/www.alide-interpretes.com\/en\/privacy-policy\/","og_site_name":"Alide Int\u00e9rpretes","article_modified_time":"2023-05-03T07:53:22+00:00","twitter_card":"summary_large_image","twitter_misc":{"Est. reading time":"6 minutes"},"schema":{"@context":"https:\/\/schema.org","@graph":[{"@type":"WebPage","@id":"https:\/\/www.alide-interpretes.com\/en\/privacy-policy\/","url":"https:\/\/www.alide-interpretes.com\/en\/privacy-policy\/","name":"Privacy Policy - Alide Int\u00e9rpretes","isPartOf":{"@id":"https:\/\/www.alide-interpretes.com\/en\/#website"},"datePublished":"2023-03-06T09:55:05+00:00","dateModified":"2023-05-03T07:53:22+00:00","breadcrumb":{"@id":"https:\/\/www.alide-interpretes.com\/en\/privacy-policy\/#breadcrumb"},"inLanguage":"en-US","potentialAction":[{"@type":"ReadAction","target":["https:\/\/www.alide-interpretes.com\/en\/privacy-policy\/"]}]},{"@type":"BreadcrumbList","@id":"https:\/\/www.alide-interpretes.com\/en\/privacy-policy\/#breadcrumb","itemListElement":[{"@type":"ListItem","position":1,"name":"Portada","item":"https:\/\/www.alide-interpretes.com\/en\/home\/"},{"@type":"ListItem","position":2,"name":"Privacy Policy"}]},{"@type":"WebSite","@id":"https:\/\/www.alide-interpretes.com\/en\/#website","url":"https:\/\/www.alide-interpretes.com\/en\/","name":"Alide Int\u00e9rpretes","description":"Traducci\u00f3n jurada e interpretaci\u00f3n","publisher":{"@id":"https:\/\/www.alide-interpretes.com\/en\/#organization"},"alternateName":"Alide","potentialAction":[{"@type":"SearchAction","target":{"@type":"EntryPoint","urlTemplate":"https:\/\/www.alide-interpretes.com\/en\/?s={search_term_string}"},"query-input":{"@type":"PropertyValueSpecification","valueRequired":true,"valueName":"search_term_string"}}],"inLanguage":"en-US"},{"@type":"Organization","@id":"https:\/\/www.alide-interpretes.com\/en\/#organization","name":"Alide Int\u00e9rpretes","alternateName":"Alide","url":"https:\/\/www.alide-interpretes.com\/en\/","logo":{"@type":"ImageObject","inLanguage":"en-US","@id":"https:\/\/www.alide-interpretes.com\/en\/#\/schema\/logo\/image\/","url":"https:\/\/www.alide-interpretes.com\/wp-content\/uploads\/2023\/04\/alide-logo-v2.svg","contentUrl":"https:\/\/www.alide-interpretes.com\/wp-content\/uploads\/2023\/04\/alide-logo-v2.svg","width":403,"height":97,"caption":"Alide Int\u00e9rpretes"},"image":{"@id":"https:\/\/www.alide-interpretes.com\/en\/#\/schema\/logo\/image\/"}}]}},"_links":{"self":[{"href":"https:\/\/www.alide-interpretes.com\/en\/wp-json\/wp\/v2\/pages\/2720","targetHints":{"allow":["GET"]}}],"collection":[{"href":"https:\/\/www.alide-interpretes.com\/en\/wp-json\/wp\/v2\/pages"}],"about":[{"href":"https:\/\/www.alide-interpretes.com\/en\/wp-json\/wp\/v2\/types\/page"}],"author":[{"embeddable":true,"href":"https:\/\/www.alide-interpretes.com\/en\/wp-json\/wp\/v2\/users\/1"}],"replies":[{"embeddable":true,"href":"https:\/\/www.alide-interpretes.com\/en\/wp-json\/wp\/v2\/comments?post=2720"}],"version-history":[{"count":0,"href":"https:\/\/www.alide-interpretes.com\/en\/wp-json\/wp\/v2\/pages\/2720\/revisions"}],"wp:attachment":[{"href":"https:\/\/www.alide-interpretes.com\/en\/wp-json\/wp\/v2\/media?parent=2720"}],"curies":[{"name":"wp","href":"https:\/\/api.w.org\/{rel}","templated":true}]}}